{"id":4410,"date":"2024-05-09T12:46:20","date_gmt":"2024-05-09T10:46:20","guid":{"rendered":"https:\/\/halterestudio.com\/?page_id=4410"},"modified":"2024-05-22T10:24:11","modified_gmt":"2024-05-22T08:24:11","slug":"sara","status":"publish","type":"page","link":"https:\/\/halterestudio.com\/index.php\/sara\/","title":{"rendered":"SARA"},"content":{"rendered":"<p>[et_pb_section fb_built=\u00bb1&#8243; _builder_version=\u00bb3.25.4&#8243; background_image=\u00bbhttp:\/\/halterestudio.com\/wp-content\/uploads\/2024\/05\/v904-nunny-012-Recuperado-01-1.png\u00bb min_height=\u00bb795.4px\u00bb custom_margin=\u00bb||0px|||\u00bb custom_padding=\u00bb||66px|||\u00bb][et_pb_row column_structure=\u00bb1_2,1_2&#8243; custom_padding=\u00bb18px|||0px||\u00bb custom_margin=\u00bb|160px|-113px|206px||\u00bb _builder_version=\u00bb3.25.4&#8243; width=\u00bb90.1%\u00bb min_height=\u00bb311.4px\u00bb][et_pb_column type=\u00bb1_2&#8243; _builder_version=\u00bb3.25.4&#8243;][et_pb_text _builder_version=\u00bb3.25.4&#8243; min_height=\u00bb45px\u00bb custom_padding=\u00bb0px||0px|||\u00bb]<\/p>\n<h3><span style=\"color: #000000;\">BLOG<\/span><\/h3>\n<p>[\/et_pb_text][et_pb_text _builder_version=\u00bb3.25.4&#8243; text_font=\u00bbTimes New Roman|700|||||||\u00bb text_font_size=\u00bb75px\u00bb custom_margin=\u00bb|-279px||||\u00bb custom_padding=\u00bb0px|0px|75px|||\u00bb]<\/p>\n<p><span style=\"color: #000000;\">\u00daLTIMAS NOTICIAS<\/span><\/p>\n<p>[\/et_pb_text][et_pb_text _builder_version=\u00bb3.25.4&#8243; custom_margin=\u00bb-32px|-58px||||\u00bb]<\/p>\n<p><span style=\"font-size: medium; color: #000000;\">\u00a1Lee los \u00faltimos art\u00edculos de Halter Estudio!\u00a0Descubre las \u00faltimas tendencias, eventos y proyectos de nuestra escuela. Sum\u00e9rgete en el mundo creativo de la moda con nosotros.<\/span><\/p>\n<p>[\/et_pb_text][\/et_pb_column][et_pb_column type=\u00bb1_2&#8243; _builder_version=\u00bb3.25.4&#8243;][\/et_pb_column][\/et_pb_row][\/et_pb_section][et_pb_section fb_built=\u00bb1&#8243; custom_padding_last_edited=\u00bboff|desktop\u00bb _builder_version=\u00bb3.25.4&#8243; background_color=\u00bbrgba(0,0,0,0)\u00bb background_image=\u00bbhttp:\/\/halterestudio.com\/wp-content\/uploads\/2024\/05\/v904-nunny-012-02.png\u00bb background_size=\u00bbcontain\u00bb min_height=\u00bb1815.7px\u00bb custom_margin=\u00bb247px|||||\u00bb custom_padding=\u00bb0px|||||\u00bb custom_padding__hover_enabled=\u00bbon\u00bb][et_pb_row column_structure=\u00bb1_4,1_4,1_4,1_4&#8243; custom_margin=\u00bb-586px|auto||297px||\u00bb _builder_version=\u00bb3.25.4&#8243; background_color=\u00bbrgba(0,0,0,0)\u00bb max_width_phone=\u00bb1080px\u00bb max_width_last_edited=\u00bbon|phone\u00bb min_height=\u00bb700px\u00bb][et_pb_column type=\u00bb1_4&#8243; _builder_version=\u00bb3.25.4&#8243;][et_pb_blurb title=\u00bbColecci\u00f3n %22Baviera%22 en la Pasarela Flamenca de Granada 2024&#8243; image=\u00bbhttp:\/\/halterestudio.com\/wp-content\/uploads\/2024\/05\/c2064f74-9419-468d-8d36-8e1a3326642a-2.jpg\u00bb image_max_width_phone=\u00bb100%\u00bb image_max_width_last_edited=\u00bbon|phone\u00bb _builder_version=\u00bb3.25.4&#8243; header_font=\u00bb||||||||\u00bb body_font=\u00bb||||||||\u00bb border_radii=\u00bbon|15px|15px|15px|15px\u00bb border_width_all=\u00bb10px\u00bb border_color_all=\u00bb#ffffffff\u00bb box_shadow_style=\u00bbpreset2&#8243;]<\/p>\n<p>Sum\u00e9rgete en la magia de la moda flamenca con Taboada de Guevara. Como estudiante de Patronaje y Confecci\u00f3n, ha convertido su pasi\u00f3n en realidad con su propia l\u00ednea de vestidos de flamenca. Su colecci\u00f3n brill\u00f3 en la pasarela \u00a0y en Halter estamos sumamente orgullosos de su talento y dedicaci\u00f3n.<\/p>\n<p>[\/et_pb_blurb][et_pb_blurb title=\u00bbPasarela Flamenca de Granada 2024&#8243; image=\u00bbhttp:\/\/halterestudio.com\/wp-content\/uploads\/2024\/05\/3Q1A5919-scaled.jpg\u00bb _builder_version=\u00bb3.25.4&#8243; background_color=\u00bb#ffffff\u00bb border_radii=\u00bbon|15px|15px|15px|15px\u00bb border_width_all=\u00bb10px\u00bb border_color_all=\u00bb#ffffff\u00bb box_shadow_style=\u00bbpreset2&#8243; background_last_edited=\u00bbon|desktop\u00bb]<\/p>\n<p style=\"text-align: left;\">\u00a1Un d\u00eda incre\u00edble en la Pasarela de moda Flamenca de Granada! \u00a0Mil gracias a todas las alumnas de Halter Estudio que vinieron a apoyar a las compa\u00f1eras que presentaron sus dise\u00f1os. \u00a1Sin ustedes, este d\u00eda no habr\u00eda sido lo mismo! Gracias por ser parte de esta experiencia tan especial.<\/p>\n<p>[\/et_pb_blurb][\/et_pb_column][et_pb_column type=\u00bb1_4&#8243; _builder_version=\u00bb3.25.4&#8243;][et_pb_blurb title=\u00bbColecci\u00f3n %22Carrusel%22&#8243; image=\u00bbhttp:\/\/halterestudio.com\/wp-content\/uploads\/2024\/05\/3Q1A6503.jpg\u00bb _builder_version=\u00bb3.25.4&#8243; border_radii=\u00bbon|15px|15px|15px|15px\u00bb border_width_all=\u00bb10px\u00bb border_color_all=\u00bb#ffffffff\u00bb box_shadow_style=\u00bbpreset2&#8243; custom_padding=\u00bb||0px|||\u00bb]<\/p>\n<p>\u00a1Marta no deja de sorprendernos! Su colecci\u00f3n \u00abCARRUSEL\u00bb es un viaje emocional que refleja la lucha contra la depresi\u00f3n y el renacimiento hacia la luz.<\/p>\n<p>[\/et_pb_blurb][et_pb_slider _builder_version=\u00bb3.25.4&#8243; header_font=\u00bb||||||||\u00bb body_font=\u00bb||||||||\u00bb background_color=\u00bb#ffffff\u00bb background_blend=\u00bboverlay\u00bb border_radii=\u00bbon|15px|15px|15px|15px\u00bb border_width_all=\u00bb8px\u00bb border_color_all=\u00bb#ffffff\u00bb box_shadow_style=\u00bbpreset2&#8243; min_height=\u00bb644.4px\u00bb custom_margin=\u00bb||3px|||\u00bb custom_padding=\u00bb||7px|||\u00bb][et_pb_slide heading=\u00bbColecci\u00f3n %22Baviera%22 en la Pasarela Flamenca de Granada 2024&#8243; button_text=\u00bbVER FOTOS\u00bb image=\u00bbhttp:\/\/halterestudio.com\/wp-content\/uploads\/2024\/05\/c2064f74-9419-468d-8d36-8e1a3326642a-2.jpg\u00bb _builder_version=\u00bb3.25.4&#8243; header_level=\u00bbh3&#8243; header_font=\u00bb||||||||\u00bb header_text_align=\u00bbleft\u00bb header_text_color=\u00bb#000000&#8243; header_font_size=\u00bb18px\u00bb body_font=\u00bb||||||||\u00bb body_text_color=\u00bb#000000&#8243; background_color=\u00bb#ffffff\u00bb button_alignment=\u00bbcenter\u00bb text_orientation=\u00bbleft\u00bb background_layout=\u00bblight\u00bb]<\/p>\n<p style=\"text-align: left;\"><span style=\"color: #000000;\">Sum\u00e9rgete en la magia de la moda flamenca con Taboada de Guevara. Como estudiante de Patronaje y Confecci\u00f3n, ha convertido su pasi\u00f3n en realidad con su propia l\u00ednea de vestidos de flamenca. Su colecci\u00f3n brill\u00f3 en la pasarela \u00a0y en Halter estamos sumamente orgullosos de su talento y dedicaci\u00f3n.<\/span><\/p>\n<p>[\/et_pb_slide][\/et_pb_slider][et_pb_slider _builder_version=\u00bb3.25.4&#8243; header_font=\u00bb||||||||\u00bb body_font=\u00bb||||||||\u00bb background_color=\u00bb#ffffff\u00bb background_blend=\u00bboverlay\u00bb border_radii=\u00bbon|15px|15px|15px|15px\u00bb border_width_all=\u00bb8px\u00bb border_color_all=\u00bb#ffffff\u00bb box_shadow_style=\u00bbpreset2&#8243; min_height=\u00bb644.4px\u00bb custom_margin=\u00bb||3px|||\u00bb custom_padding=\u00bb||7px|||\u00bb][et_pb_slide heading=\u00bbColecci\u00f3n %22Baviera%22 en la Pasarela Flamenca de Granada 2024&#8243; button_text=\u00bbVER FOTOS\u00bb image=\u00bbhttp:\/\/halterestudio.com\/wp-content\/uploads\/2024\/05\/c2064f74-9419-468d-8d36-8e1a3326642a-2.jpg\u00bb _builder_version=\u00bb3.25.4&#8243; header_level=\u00bbh3&#8243; header_font=\u00bb||||||||\u00bb header_text_align=\u00bbleft\u00bb header_text_color=\u00bb#000000&#8243; header_font_size=\u00bb18px\u00bb body_font=\u00bb||||||||\u00bb body_text_color=\u00bb#000000&#8243; background_color=\u00bb#ffffff\u00bb button_alignment=\u00bbcenter\u00bb text_orientation=\u00bbleft\u00bb background_layout=\u00bblight\u00bb]<\/p>\n<p style=\"text-align: left;\"><span style=\"color: #000000;\">Sum\u00e9rgete en la magia de la moda flamenca con Taboada de Guevara. Como estudiante de Patronaje y Confecci\u00f3n, ha convertido su pasi\u00f3n en realidad con su propia l\u00ednea de vestidos de flamenca. Su colecci\u00f3n brill\u00f3 en la pasarela \u00a0y en Halter estamos sumamente orgullosos de su talento y dedicaci\u00f3n.<\/span><\/p>\n<p>[\/et_pb_slide][\/et_pb_slider][\/et_pb_column][et_pb_column type=\u00bb1_4&#8243; _builder_version=\u00bb3.25.4&#8243;][et_pb_blurb title=\u00bbColecci\u00f3n %22Casta Diva%22&#8243; image=\u00bbhttp:\/\/halterestudio.com\/wp-content\/uploads\/2024\/05\/PHOTO-2024-02-08-16-54-16-2.jpg\u00bb _builder_version=\u00bb3.25.4&#8243; header_font=\u00bb||||||||\u00bb body_font=\u00bb||||||||\u00bb border_radii=\u00bbon|15px|15px|15px|15px\u00bb border_width_all=\u00bb10px\u00bb border_color_all=\u00bb#ffffffff\u00bb box_shadow_style=\u00bbpreset2&#8243;]<\/p>\n<p>Orgullosos de Laura, nuestra alumna de patronaje y confecci\u00f3n, editorial de su colecci\u00f3n \u201cCasta Diva\u201d para su marca de ropa Utopia.<\/p>\n<p>El coraz\u00f3n de la \u00f3pera \u201cNorma\u201d, uno de los paradigmas del Bel Canto rom\u00e1ntico y una de las piezas musicales m\u00e1s reconocidas y destacadas de la \u00f3pera.<\/p>\n<p>[\/et_pb_blurb][et_pb_blurb title=\u00bbPremio para nuestra alumna Mar\u00eda Jos\u00e9 en Pasarela Flamenca de Granada  2024&#8243; image=\u00bbhttp:\/\/halterestudio.com\/wp-content\/uploads\/2024\/05\/3Q1A5888-scaled.jpg\u00bb _builder_version=\u00bb3.25.4&#8243; border_radii=\u00bbon|15px|15px|15px|15px\u00bb border_width_all=\u00bb10px\u00bb border_color_all=\u00bb#ffffffff\u00bb box_shadow_style=\u00bbpreset2&#8243;]<\/p>\n<p style=\"text-align: left;\">La esencia de la feria cobra vida en la Pasarela Flamenca de Granada. \u00a0Mar\u00eda Jos\u00e9, alumna de Halter, se inspir\u00f3 en la alegr\u00eda y el arte de nuestras tradicionales ferias para crear su espectacular dise\u00f1o \u201cSolera\u201d.<\/p>\n<p style=\"text-align: left;\">Present\u00f3 su dise\u00f1o \u00a0y se llev\u00f3 el segundo premio. S\u00faper contentos de su trabajo y dedicaci\u00f3n en Halter Estudio. \u00a1Enhorabuena Mar\u00eda Jos\u00e9!<\/p>\n<p>[\/et_pb_blurb][\/et_pb_column][et_pb_column type=\u00bb1_4&#8243; _builder_version=\u00bb3.25.4&#8243;][et_pb_slider _builder_version=\u00bb3.25.4&#8243; header_font=\u00bb||||||||\u00bb body_font=\u00bb||||||||\u00bb background_color=\u00bb#ffffff\u00bb background_blend=\u00bboverlay\u00bb border_radii=\u00bbon|15px|15px|15px|15px\u00bb border_width_all=\u00bb3px\u00bb border_color_all=\u00bb#ffffff\u00bb box_shadow_style=\u00bbpreset2&#8243; min_height=\u00bb644.4px\u00bb custom_margin=\u00bb||3px|||\u00bb custom_padding=\u00bb29px||8px|||\u00bb][et_pb_slide heading=\u00bbColecci\u00f3n %22Carrusel%22&#8243; button_text=\u00bbVER FOTOS\u00bb image=\u00bbhttp:\/\/halterestudio.com\/wp-content\/uploads\/2024\/05\/3Q1A6503.jpg\u00bb _builder_version=\u00bb3.25.4&#8243; header_level=\u00bbh3&#8243; header_font=\u00bb||||||||\u00bb header_text_align=\u00bbleft\u00bb header_text_color=\u00bb#000000&#8243; header_font_size=\u00bb18px\u00bb body_font=\u00bb||||||||\u00bb body_text_color=\u00bb#000000&#8243; background_color=\u00bb#ffffff\u00bb button_alignment=\u00bbcenter\u00bb text_orientation=\u00bbleft\u00bb background_layout=\u00bblight\u00bb]<\/p>\n<p style=\"text-align: left;\">\u00a1Marta no deja de sorprendernos! Su colecci\u00f3n \u00abCARRUSEL\u00bb es un viaje emocional que refleja la lucha contra la depresi\u00f3n y el renacimiento hacia la luz.<\/p>\n<p>[\/et_pb_slide][\/et_pb_slider][\/et_pb_column][\/et_pb_row][et_pb_row column_structure=\u00bb1_3,1_3,1_3&#8243; _builder_version=\u00bb3.25.4&#8243;][et_pb_column type=\u00bb1_3&#8243; _builder_version=\u00bb3.25.4&#8243;][et_pb_post_slider _builder_version=\u00bb3.25.4&#8243; border_radii=\u00bbon|15px|15px|15px|15px\u00bb border_width_all=\u00bb10px\u00bb border_color_all=\u00bb#ffffff\u00bb box_shadow_style=\u00bbpreset2&#8243;][\/et_pb_post_slider][\/et_pb_column][et_pb_column type=\u00bb1_3&#8243; _builder_version=\u00bb3.25.4&#8243;][\/et_pb_column][et_pb_column type=\u00bb1_3&#8243; _builder_version=\u00bb3.25.4&#8243;][\/et_pb_column][\/et_pb_row][\/et_pb_section][et_pb_section fb_built=\u00bb1&#8243; fullwidth=\u00bbon\u00bb admin_label=\u00bbHero Section\u00bb _builder_version=\u00bb3.25.4&#8243; background_color=\u00bbrgba(0,0,0,0)\u00bb border_color_all=\u00bbrgba(0,0,0,0)\u00bb min_height=\u00bb847px\u00bb custom_padding=\u00bb279px|||||\u00bb][et_pb_fullwidth_header title=\u00bbBlog\u00bb subhead=\u00bb\u00faltimas noticias\u00bb header_scroll_down=\u00bbon\u00bb scroll_down_icon=\u00bb%%2%%\u00bb scroll_down_icon_color=\u00bb#ffff00&#8243; scroll_down_icon_size=\u00bb70px\u00bb button_one_text=\u00bbdesliza\u00bb background_overlay_color=\u00bbrgba(0,0,0,0.8)\u00bb content_max_width=\u00bb550px\u00bb _builder_version=\u00bb3.25.4&#8243; title_font=\u00bbPoppins|700||on|||||\u00bb title_text_color=\u00bb#ffff00&#8243; title_font_size=\u00bb14px\u00bb title_letter_spacing=\u00bb2px\u00bb title_line_height=\u00bb1.4em\u00bb content_font=\u00bbPoppins||||||||\u00bb content_font_size=\u00bb15px\u00bb content_letter_spacing=\u00bb2px\u00bb content_line_height=\u00bb2em\u00bb subhead_font=\u00bbPlayfair Display|700||on|||||\u00bb subhead_font_size=\u00bb48px\u00bb subhead_letter_spacing=\u00bb3px\u00bb subhead_line_height=\u00bb1.4em\u00bb background_color=\u00bbrgba(0,0,0,0)\u00bb background_image=\u00bbhttp:\/\/halterestudio.com\/wp-content\/uploads\/2024\/05\/v904-nunny-012-Recuperado-1.png\u00bb border_radii_image=\u00bb||||\u00bb border_color_all_image=\u00bbrgba(0,0,0,0)\u00bb border_style_all_image=\u00bbnone\u00bb custom_button_one=\u00bbon\u00bb button_one_border_width=\u00bb1px\u00bb button_one_border_color=\u00bbrgba(255,255,255,0.3)\u00bb button_one_border_radius=\u00bb0px\u00bb button_one_letter_spacing=\u00bb1px\u00bb button_one_font=\u00bbSaira Extra Condensed|600||on|||||\u00bb button_one_icon=\u00bb%%3%%\u00bb button_one_icon_color=\u00bb#edbb5f\u00bb custom_button_two=\u00bbon\u00bb button_two_border_width=\u00bb1px\u00bb button_two_border_color=\u00bbrgba(255,255,255,0.3)\u00bb button_two_border_radius=\u00bb0px\u00bb button_two_letter_spacing=\u00bb1px\u00bb button_two_font=\u00bbSaira Extra Condensed|600||on|||||\u00bb button_two_icon=\u00bb%%3%%\u00bb button_two_icon_color=\u00bb#edbb5f\u00bb module_alignment=\u00bbright\u00bb min_height=\u00bb648px\u00bb custom_margin=\u00bb-218px|||||\u00bb custom_padding=\u00bb150px||250px||false|\u00bb child_filter_saturate=\u00bb115%\u00bb child_filter_opacity=\u00bb80%\u00bb button_one_text_color_hover=\u00bb#edbb5f\u00bb button_two_text_color_hover=\u00bb#edbb5f\u00bb button_one_bg_color_hover=\u00bbrgba(0,0,0,0)\u00bb button_two_bg_color_hover=\u00bbrgba(0,0,0,0)\u00bb button_one_text_size__hover_enabled=\u00bboff\u00bb button_two_text_size__hover_enabled=\u00bboff\u00bb button_one_text_color__hover_enabled=\u00bbon\u00bb button_one_text_color__hover=\u00bb#edbb5f\u00bb button_two_text_color__hover_enabled=\u00bbon\u00bb button_two_text_color__hover=\u00bb#edbb5f\u00bb button_one_border_width__hover_enabled=\u00bboff\u00bb button_two_border_width__hover_enabled=\u00bboff\u00bb button_one_border_color__hover_enabled=\u00bboff\u00bb button_two_border_color__hover_enabled=\u00bboff\u00bb button_one_border_radius__hover_enabled=\u00bboff\u00bb button_two_border_radius__hover_enabled=\u00bboff\u00bb button_one_letter_spacing__hover_enabled=\u00bboff\u00bb button_two_letter_spacing__hover_enabled=\u00bboff\u00bb button_one_bg_color__hover_enabled=\u00bbon\u00bb button_one_bg_color__hover=\u00bbrgba(0,0,0,0)\u00bb button_two_bg_color__hover_enabled=\u00bbon\u00bb button_two_bg_color__hover=\u00bbrgba(0,0,0,0)\u00bb]<\/p>\n<p>&nbsp;<\/p>\n<p>\u00a1Lee los \u00faltimos art\u00edculos de Halter Estudio!\u00a0<span>Descubre las \u00faltimas tendencias, eventos y proyectos de nuestra escuela. Sum\u00e9rgete en el mundo creativo de la moda con nosotros.<\/span><\/p>\n<p>[\/et_pb_fullwidth_header][\/et_pb_section]<\/p>\n","protected":false},"excerpt":{"rendered":"<p>[et_pb_section fb_built=\u00bb1&#8243; _builder_version=\u00bb3.25.4&#8243; background_image=\u00bbhttp:\/\/halterestudio.com\/wp-content\/uploads\/2024\/05\/v904-nunny-012-Recuperado-01-1.png\u00bb min_height=\u00bb795.4px\u00bb custom_margin=\u00bb||0px|||\u00bb custom_padding=\u00bb||66px|||\u00bb][et_pb_row column_structure=\u00bb1_2,1_2&#8243; custom_padding=\u00bb18px|||0px||\u00bb custom_margin=\u00bb|160px|-113px|206px||\u00bb _builder_version=\u00bb3.25.4&#8243; width=\u00bb90.1%\u00bb min_height=\u00bb311.4px\u00bb][et_pb_column type=\u00bb1_2&#8243; _builder_version=\u00bb3.25.4&#8243;][et_pb_text _builder_version=\u00bb3.25.4&#8243; min_height=\u00bb45px\u00bb custom_padding=\u00bb0px||0px|||\u00bb] BLOG [\/et_pb_text][et_pb_text _builder_version=\u00bb3.25.4&#8243; text_font=\u00bbTimes New Roman|700|||||||\u00bb text_font_size=\u00bb75px\u00bb custom_margin=\u00bb|-279px||||\u00bb custom_padding=\u00bb0px|0px|75px|||\u00bb] \u00daLTIMAS NOTICIAS [\/et_pb_text][et_pb_text _builder_version=\u00bb3.25.4&#8243; custom_margin=\u00bb-32px|-58px||||\u00bb] \u00a1Lee los \u00faltimos art\u00edculos de Halter Estudio!\u00a0Descubre las \u00faltimas tendencias, eventos y proyectos de nuestra escuela. Sum\u00e9rgete en el mundo creativo de la [&hellip;]<\/p>\n","protected":false},"author":1,"featured_media":0,"parent":0,"menu_order":0,"comment_status":"closed","ping_status":"closed","template":"","meta":{"_et_pb_use_builder":"on","_et_pb_old_content":"","footnotes":""},"yoast_head":"<!-- This site is optimized with the Yoast SEO plugin v22.7 - https:\/\/yoast.com\/wordpress\/plugins\/seo\/ -->\n<title>SARA - halterestudio<\/title>\n<meta name=\"robots\" content=\"index, follow, max-snippet:-1, max-image-preview:large, max-video-preview:-1\" \/>\n<link rel=\"canonical\" href=\"https:\/\/halterestudio.com\/index.php\/sara\/\" \/>\n<meta property=\"og:locale\" content=\"es_ES\" \/>\n<meta property=\"og:type\" content=\"article\" \/>\n<meta property=\"og:title\" content=\"SARA - halterestudio\" \/>\n<meta property=\"og:description\" content=\"[et_pb_section fb_built=\u00bb1&#8243; _builder_version=\u00bb3.25.4&#8243; background_image=\u00bbhttp:\/\/halterestudio.com\/wp-content\/uploads\/2024\/05\/v904-nunny-012-Recuperado-01-1.png\u00bb min_height=\u00bb795.4px\u00bb custom_margin=\u00bb||0px|||\u00bb custom_padding=\u00bb||66px|||\u00bb][et_pb_row column_structure=\u00bb1_2,1_2&#8243; custom_padding=\u00bb18px|||0px||\u00bb custom_margin=\u00bb|160px|-113px|206px||\u00bb _builder_version=\u00bb3.25.4&#8243; width=\u00bb90.1%\u00bb min_height=\u00bb311.4px\u00bb][et_pb_column type=\u00bb1_2&#8243; _builder_version=\u00bb3.25.4&#8243;][et_pb_text _builder_version=\u00bb3.25.4&#8243; min_height=\u00bb45px\u00bb custom_padding=\u00bb0px||0px|||\u00bb] BLOG [\/et_pb_text][et_pb_text _builder_version=\u00bb3.25.4&#8243; text_font=\u00bbTimes New Roman|700|||||||\u00bb text_font_size=\u00bb75px\u00bb custom_margin=\u00bb|-279px||||\u00bb custom_padding=\u00bb0px|0px|75px|||\u00bb] \u00daLTIMAS NOTICIAS [\/et_pb_text][et_pb_text _builder_version=\u00bb3.25.4&#8243; custom_margin=\u00bb-32px|-58px||||\u00bb] \u00a1Lee los \u00faltimos art\u00edculos de Halter Estudio!\u00a0Descubre las \u00faltimas tendencias, eventos y proyectos de nuestra escuela. Sum\u00e9rgete en el mundo creativo de la [&hellip;]\" \/>\n<meta property=\"og:url\" content=\"https:\/\/halterestudio.com\/index.php\/sara\/\" \/>\n<meta property=\"og:site_name\" content=\"halterestudio\" \/>\n<meta property=\"article:publisher\" content=\"https:\/\/www.facebook.com\/halterestudio\/?modal=admin_todo_tour\" \/>\n<meta property=\"article:modified_time\" content=\"2024-05-22T08:24:11+00:00\" \/>\n<meta name=\"twitter:card\" content=\"summary_large_image\" \/>\n<meta name=\"twitter:label1\" content=\"Tiempo de lectura\" \/>\n\t<meta name=\"twitter:data1\" content=\"9 minutos\" \/>\n<script type=\"application\/ld+json\" class=\"yoast-schema-graph\">{\"@context\":\"https:\/\/schema.org\",\"@graph\":[{\"@type\":\"WebPage\",\"@id\":\"https:\/\/halterestudio.com\/index.php\/sara\/\",\"url\":\"https:\/\/halterestudio.com\/index.php\/sara\/\",\"name\":\"SARA - halterestudio\",\"isPartOf\":{\"@id\":\"https:\/\/halterestudio.com\/#website\"},\"datePublished\":\"2024-05-09T10:46:20+00:00\",\"dateModified\":\"2024-05-22T08:24:11+00:00\",\"breadcrumb\":{\"@id\":\"https:\/\/halterestudio.com\/index.php\/sara\/#breadcrumb\"},\"inLanguage\":\"es\",\"potentialAction\":[{\"@type\":\"ReadAction\",\"target\":[\"https:\/\/halterestudio.com\/index.php\/sara\/\"]}]},{\"@type\":\"BreadcrumbList\",\"@id\":\"https:\/\/halterestudio.com\/index.php\/sara\/#breadcrumb\",\"itemListElement\":[{\"@type\":\"ListItem\",\"position\":1,\"name\":\"Portada\",\"item\":\"https:\/\/halterestudio.com\/\"},{\"@type\":\"ListItem\",\"position\":2,\"name\":\"SARA\"}]},{\"@type\":\"WebSite\",\"@id\":\"https:\/\/halterestudio.com\/#website\",\"url\":\"https:\/\/halterestudio.com\/\",\"name\":\"halterestudio\",\"description\":\"Escuela de patronaje y moda\",\"publisher\":{\"@id\":\"https:\/\/halterestudio.com\/#organization\"},\"potentialAction\":[{\"@type\":\"SearchAction\",\"target\":{\"@type\":\"EntryPoint\",\"urlTemplate\":\"https:\/\/halterestudio.com\/?s={search_term_string}\"},\"query-input\":\"required name=search_term_string\"}],\"inLanguage\":\"es\"},{\"@type\":\"Organization\",\"@id\":\"https:\/\/halterestudio.com\/#organization\",\"name\":\"Halter Estudio\",\"url\":\"https:\/\/halterestudio.com\/\",\"logo\":{\"@type\":\"ImageObject\",\"inLanguage\":\"es\",\"@id\":\"https:\/\/halterestudio.com\/#\/schema\/logo\/image\/\",\"url\":\"\",\"contentUrl\":\"\",\"caption\":\"Halter Estudio\"},\"image\":{\"@id\":\"https:\/\/halterestudio.com\/#\/schema\/logo\/image\/\"},\"sameAs\":[\"https:\/\/www.facebook.com\/halterestudio\/?modal=admin_todo_tour\",\"https:\/\/www.instagram.com\/halterestudio\/\"]}]}<\/script>\n<!-- \/ Yoast SEO plugin. -->","yoast_head_json":{"title":"SARA - halterestudio","robots":{"index":"index","follow":"follow","max-snippet":"max-snippet:-1","max-image-preview":"max-image-preview:large","max-video-preview":"max-video-preview:-1"},"canonical":"https:\/\/halterestudio.com\/index.php\/sara\/","og_locale":"es_ES","og_type":"article","og_title":"SARA - halterestudio","og_description":"[et_pb_section fb_built=\u00bb1&#8243; _builder_version=\u00bb3.25.4&#8243; background_image=\u00bbhttp:\/\/halterestudio.com\/wp-content\/uploads\/2024\/05\/v904-nunny-012-Recuperado-01-1.png\u00bb min_height=\u00bb795.4px\u00bb custom_margin=\u00bb||0px|||\u00bb custom_padding=\u00bb||66px|||\u00bb][et_pb_row column_structure=\u00bb1_2,1_2&#8243; custom_padding=\u00bb18px|||0px||\u00bb custom_margin=\u00bb|160px|-113px|206px||\u00bb _builder_version=\u00bb3.25.4&#8243; width=\u00bb90.1%\u00bb min_height=\u00bb311.4px\u00bb][et_pb_column type=\u00bb1_2&#8243; _builder_version=\u00bb3.25.4&#8243;][et_pb_text _builder_version=\u00bb3.25.4&#8243; min_height=\u00bb45px\u00bb custom_padding=\u00bb0px||0px|||\u00bb] BLOG [\/et_pb_text][et_pb_text _builder_version=\u00bb3.25.4&#8243; text_font=\u00bbTimes New Roman|700|||||||\u00bb text_font_size=\u00bb75px\u00bb custom_margin=\u00bb|-279px||||\u00bb custom_padding=\u00bb0px|0px|75px|||\u00bb] \u00daLTIMAS NOTICIAS [\/et_pb_text][et_pb_text _builder_version=\u00bb3.25.4&#8243; custom_margin=\u00bb-32px|-58px||||\u00bb] \u00a1Lee los \u00faltimos art\u00edculos de Halter Estudio!\u00a0Descubre las \u00faltimas tendencias, eventos y proyectos de nuestra escuela. Sum\u00e9rgete en el mundo creativo de la [&hellip;]","og_url":"https:\/\/halterestudio.com\/index.php\/sara\/","og_site_name":"halterestudio","article_publisher":"https:\/\/www.facebook.com\/halterestudio\/?modal=admin_todo_tour","article_modified_time":"2024-05-22T08:24:11+00:00","twitter_card":"summary_large_image","twitter_misc":{"Tiempo de lectura":"9 minutos"},"schema":{"@context":"https:\/\/schema.org","@graph":[{"@type":"WebPage","@id":"https:\/\/halterestudio.com\/index.php\/sara\/","url":"https:\/\/halterestudio.com\/index.php\/sara\/","name":"SARA - halterestudio","isPartOf":{"@id":"https:\/\/halterestudio.com\/#website"},"datePublished":"2024-05-09T10:46:20+00:00","dateModified":"2024-05-22T08:24:11+00:00","breadcrumb":{"@id":"https:\/\/halterestudio.com\/index.php\/sara\/#breadcrumb"},"inLanguage":"es","potentialAction":[{"@type":"ReadAction","target":["https:\/\/halterestudio.com\/index.php\/sara\/"]}]},{"@type":"BreadcrumbList","@id":"https:\/\/halterestudio.com\/index.php\/sara\/#breadcrumb","itemListElement":[{"@type":"ListItem","position":1,"name":"Portada","item":"https:\/\/halterestudio.com\/"},{"@type":"ListItem","position":2,"name":"SARA"}]},{"@type":"WebSite","@id":"https:\/\/halterestudio.com\/#website","url":"https:\/\/halterestudio.com\/","name":"halterestudio","description":"Escuela de patronaje y moda","publisher":{"@id":"https:\/\/halterestudio.com\/#organization"},"potentialAction":[{"@type":"SearchAction","target":{"@type":"EntryPoint","urlTemplate":"https:\/\/halterestudio.com\/?s={search_term_string}"},"query-input":"required name=search_term_string"}],"inLanguage":"es"},{"@type":"Organization","@id":"https:\/\/halterestudio.com\/#organization","name":"Halter Estudio","url":"https:\/\/halterestudio.com\/","logo":{"@type":"ImageObject","inLanguage":"es","@id":"https:\/\/halterestudio.com\/#\/schema\/logo\/image\/","url":"","contentUrl":"","caption":"Halter Estudio"},"image":{"@id":"https:\/\/halterestudio.com\/#\/schema\/logo\/image\/"},"sameAs":["https:\/\/www.facebook.com\/halterestudio\/?modal=admin_todo_tour","https:\/\/www.instagram.com\/halterestudio\/"]}]}},"_links":{"self":[{"href":"https:\/\/halterestudio.com\/index.php\/wp-json\/wp\/v2\/pages\/4410"}],"collection":[{"href":"https:\/\/halterestudio.com\/index.php\/wp-json\/wp\/v2\/pages"}],"about":[{"href":"https:\/\/halterestudio.com\/index.php\/wp-json\/wp\/v2\/types\/page"}],"author":[{"embeddable":true,"href":"https:\/\/halterestudio.com\/index.php\/wp-json\/wp\/v2\/users\/1"}],"replies":[{"embeddable":true,"href":"https:\/\/halterestudio.com\/index.php\/wp-json\/wp\/v2\/comments?post=4410"}],"version-history":[{"count":111,"href":"https:\/\/halterestudio.com\/index.php\/wp-json\/wp\/v2\/pages\/4410\/revisions"}],"predecessor-version":[{"id":4678,"href":"https:\/\/halterestudio.com\/index.php\/wp-json\/wp\/v2\/pages\/4410\/revisions\/4678"}],"wp:attachment":[{"href":"https:\/\/halterestudio.com\/index.php\/wp-json\/wp\/v2\/media?parent=4410"}],"curies":[{"name":"wp","href":"https:\/\/api.w.org\/{rel}","templated":true}]}}